{"id":2185,"date":"2024-05-19T16:35:21","date_gmt":"2024-05-19T16:35:21","guid":{"rendered":"https:\/\/unityte.com\/?page_id=2185"},"modified":"2024-05-19T18:39:53","modified_gmt":"2024-05-19T18:39:53","slug":"inti-raymi","status":"publish","type":"page","link":"https:\/\/unityte.com\/en\/paquetes-turisticos\/inti-raymi\/","title":{"rendered":"Inti Raymi"},"content":{"rendered":"<div data-elementor-type=\"wp-page\" data-elementor-id=\"2185\" class=\"elementor elementor-2185\" data-elementor-post-type=\"page\">\n\t\t\t\t<div class=\"elementor-element elementor-element-d10b0a0 e-flex e-con-boxed e-con e-parent\" data-id=\"d10b0a0\" data-element_type=\"container\" data-settings=\"{&quot;background_background&quot;:&quot;classic&quot;}\">\n\t\t\t\t\t<div class=\"e-con-inner\">\n\t\t<div class=\"elementor-element elementor-element-1e4a5cd e-con-full e-flex e-con e-child\" data-id=\"1e4a5cd\" data-element_type=\"container\">\n\t\t\t\t<div class=\"elementor-element elementor-element-f1ea987 elementor-widget elementor-widget-heading\" data-id=\"f1ea987\" data-element_type=\"widget\" data-widget_type=\"heading.default\">\n\t\t\t\t<div class=\"elementor-widget-container\">\n\t\t\t\t\t<h1 class=\"elementor-heading-title elementor-size-default\">Inti Raymi<\/h1>\t\t\t\t<\/div>\n\t\t\t\t<\/div>\n\t\t\t\t<div class=\"elementor-element elementor-element-9d20a2e elementor-widget elementor-widget-text-editor\" data-id=\"9d20a2e\" data-element_type=\"widget\" data-widget_type=\"text-editor.default\">\n\t\t\t\t<div class=\"elementor-widget-container\">\n\t\t\t\t\t\t\t\t\t<p>\u00danete a la celebraci\u00f3n del Inti Raymi en Cusco del 22 al 25 de junio. Este festival ancestral rinde homenaje al dios Sol con una recreaci\u00f3n espectacular de rituales incaicos. Disfruta de coloridas danzas, trajes tradicionales y la rica historia de una civilizaci\u00f3n fascinante. \u00a1Una experiencia cultural que no puedes perderte!<\/p>\t\t\t\t\t\t\t\t<\/div>\n\t\t\t\t<\/div>\n\t\t\t\t<\/div>\n\t\t\t\t\t<\/div>\n\t\t\t\t<\/div>\n\t\t<div class=\"elementor-element elementor-element-4d3f0c8 e-flex e-con-boxed e-con e-parent\" data-id=\"4d3f0c8\" data-element_type=\"container\" data-settings=\"{&quot;background_background&quot;:&quot;classic&quot;}\">\n\t\t\t\t\t<div class=\"e-con-inner\">\n\t\t<div class=\"elementor-element elementor-element-3a08b4d e-con-full e-flex e-con e-child\" data-id=\"3a08b4d\" data-element_type=\"container\">\n\t\t<div class=\"elementor-element elementor-element-2fc7b7b e-flex e-con-boxed e-con e-child\" data-id=\"2fc7b7b\" data-element_type=\"container\">\n\t\t\t\t\t<div class=\"e-con-inner\">\n\t\t\t\t<div class=\"elementor-element elementor-element-b8f7579 elementor-widget__width-initial elementor-widget-tablet__width-initial elementor-widget-mobile__width-inherit elementor-widget elementor-widget-image-box\" data-id=\"b8f7579\" data-element_type=\"widget\" data-widget_type=\"image-box.default\">\n\t\t\t\t<div class=\"elementor-widget-container\">\n\t\t\t\t\t<div class=\"elementor-image-box-wrapper\"><div class=\"elementor-image-box-content\"><h2 class=\"elementor-image-box-title\">Inti Raymi<\/h2><p class=\"elementor-image-box-description\">Experimenta el Inti Raymi en Cusco del 22 al 25 de junio. Una celebraci\u00f3n cultural llena de color, danza y tradici\u00f3n incaica. \u00a1No te lo pierdas!<\/p><\/div><\/div>\t\t\t\t<\/div>\n\t\t\t\t<\/div>\n\t\t\t\t<div class=\"elementor-element elementor-element-ed913cd elementor-align-right elementor-widget__width-initial elementor-mobile-align-left elementor-widget-tablet__width-initial elementor-widget-mobile__width-inherit elementor-widget elementor-widget-button\" data-id=\"ed913cd\" data-element_type=\"widget\" data-widget_type=\"button.default\">\n\t\t\t\t<div class=\"elementor-widget-container\">\n\t\t\t\t\t\t\t\t\t<div class=\"elementor-button-wrapper\">\n\t\t\t\t\t<a class=\"elementor-button elementor-button-link elementor-size-sm\" href=\"https:\/\/bit.ly\/unityte-asesor\">\n\t\t\t\t\t\t<span class=\"elementor-button-content-wrapper\">\n\t\t\t\t\t\t\t\t\t<span class=\"elementor-button-text\">QUIERO UN ASESOR<\/span>\n\t\t\t\t\t<\/span>\n\t\t\t\t\t<\/a>\n\t\t\t\t<\/div>\n\t\t\t\t\t\t\t\t<\/div>\n\t\t\t\t<\/div>\n\t\t\t\t\t<\/div>\n\t\t\t\t<\/div>\n\t\t<div class=\"elementor-element elementor-element-10c11e8 e-con-full e-flex e-con e-child\" data-id=\"10c11e8\" data-element_type=\"container\">\n\t\t<div class=\"elementor-element elementor-element-9f4bc0c e-con-full e-flex e-con e-child\" data-id=\"9f4bc0c\" data-element_type=\"container\">\n\t\t\t\t<div class=\"elementor-element elementor-element-11cfe3f elementor-widget elementor-widget-image\" data-id=\"11cfe3f\" data-element_type=\"widget\" data-widget_type=\"image.default\">\n\t\t\t\t<div class=\"elementor-widget-container\">\n\t\t\t\t\t\t\t\t\t\t\t\t\t\t\t<img fetchpriority=\"high\" decoding=\"async\" width=\"800\" height=\"950\" src=\"https:\/\/unityte.com\/wp-content\/uploads\/2024\/05\/agencia-de-viajes-lima-peru-unityte-03-paquetes-turisticos-03-inti-raymi-01.jpg\" class=\"attachment-large size-large wp-image-2082\" alt=\"\" srcset=\"https:\/\/unityte.com\/wp-content\/uploads\/2024\/05\/agencia-de-viajes-lima-peru-unityte-03-paquetes-turisticos-03-inti-raymi-01.jpg 800w, https:\/\/unityte.com\/wp-content\/uploads\/2024\/05\/agencia-de-viajes-lima-peru-unityte-03-paquetes-turisticos-03-inti-raymi-01-253x300.jpg 253w, https:\/\/unityte.com\/wp-content\/uploads\/2024\/05\/agencia-de-viajes-lima-peru-unityte-03-paquetes-turisticos-03-inti-raymi-01-768x912.jpg 768w\" sizes=\"(max-width: 800px) 100vw, 800px\" \/>\t\t\t\t\t\t\t\t\t\t\t\t\t\t\t<\/div>\n\t\t\t\t<\/div>\n\t\t\t\t<\/div>\n\t\t<div class=\"elementor-element elementor-element-461cd06 e-con-full e-flex e-con e-child\" data-id=\"461cd06\" data-element_type=\"container\">\n\t\t\t\t<div class=\"elementor-element elementor-element-013a229 elementor-widget elementor-widget-image-box\" data-id=\"013a229\" data-element_type=\"widget\" data-widget_type=\"image-box.default\">\n\t\t\t\t<div class=\"elementor-widget-container\">\n\t\t\t\t\t<div class=\"elementor-image-box-wrapper\"><div class=\"elementor-image-box-content\"><h3 class=\"elementor-image-box-title\">Inti Raymi, la Fiesta del Sol<\/h3><p class=\"elementor-image-box-description\">El Inti Raymi, conocido como la Fiesta del Sol, es una celebraci\u00f3n que data de la \u00e9poca del Imperio Inca. Esta festividad se realiza cada 24 de junio en Cusco y marca el solsticio de invierno en el hemisferio sur. Durante el Inti Raymi, los incas rend\u00edan homenaje al dios Sol, el Inti, agradeci\u00e9ndole por las cosechas y pidiendo su bendici\u00f3n para el pr\u00f3ximo a\u00f1o. <br><br>La ceremonia principal se llevaba a cabo en la Plaza de Armas de Cusco y en la fortaleza de Sacsayhuam\u00e1n, donde el Inca y su corte realizaban rituales y sacrificios. Hoy en d\u00eda, esta celebraci\u00f3n es una recreaci\u00f3n hist\u00f3rica que atrae a miles de visitantes de todo el mundo, quienes se maravillan con la riqueza cultural y la tradici\u00f3n incaica.<\/p><\/div><\/div>\t\t\t\t<\/div>\n\t\t\t\t<\/div>\n\t\t\t\t<div class=\"elementor-element elementor-element-40dee44 elementor-widget elementor-widget-button\" data-id=\"40dee44\" data-element_type=\"widget\" data-widget_type=\"button.default\">\n\t\t\t\t<div class=\"elementor-widget-container\">\n\t\t\t\t\t\t\t\t\t<div class=\"elementor-button-wrapper\">\n\t\t\t\t\t<a class=\"elementor-button elementor-button-link elementor-size-sm\" href=\"https:\/\/bit.ly\/unityte-reservar\">\n\t\t\t\t\t\t<span class=\"elementor-button-content-wrapper\">\n\t\t\t\t\t\t\t\t\t<span class=\"elementor-button-text\">RESERVAR<\/span>\n\t\t\t\t\t<\/span>\n\t\t\t\t\t<\/a>\n\t\t\t\t<\/div>\n\t\t\t\t\t\t\t\t<\/div>\n\t\t\t\t<\/div>\n\t\t\t\t<\/div>\n\t\t\t\t<\/div>\n\t\t<div class=\"elementor-element elementor-element-9d13224 e-con-full e-flex e-con e-child\" data-id=\"9d13224\" data-element_type=\"container\" data-settings=\"{&quot;background_background&quot;:&quot;classic&quot;}\">\n\t\t<div class=\"elementor-element elementor-element-595254f e-con-full e-flex e-con e-child\" data-id=\"595254f\" data-element_type=\"container\">\n\t\t\t\t<div class=\"elementor-element elementor-element-34fe47e elementor-widget elementor-widget-image\" data-id=\"34fe47e\" data-element_type=\"widget\" data-widget_type=\"image.default\">\n\t\t\t\t<div class=\"elementor-widget-container\">\n\t\t\t\t\t\t\t\t\t\t\t\t\t\t\t<img decoding=\"async\" width=\"1200\" height=\"1200\" src=\"https:\/\/unityte.com\/wp-content\/uploads\/2024\/05\/agencia-de-viajes-lima-peru-unityte-03-paquetes-turisticos-02-inti-raymi-1x1-001.png\" class=\"attachment-full size-full wp-image-2193\" alt=\"\" srcset=\"https:\/\/unityte.com\/wp-content\/uploads\/2024\/05\/agencia-de-viajes-lima-peru-unityte-03-paquetes-turisticos-02-inti-raymi-1x1-001.png 1200w, https:\/\/unityte.com\/wp-content\/uploads\/2024\/05\/agencia-de-viajes-lima-peru-unityte-03-paquetes-turisticos-02-inti-raymi-1x1-001-300x300.png 300w, https:\/\/unityte.com\/wp-content\/uploads\/2024\/05\/agencia-de-viajes-lima-peru-unityte-03-paquetes-turisticos-02-inti-raymi-1x1-001-1024x1024.png 1024w, https:\/\/unityte.com\/wp-content\/uploads\/2024\/05\/agencia-de-viajes-lima-peru-unityte-03-paquetes-turisticos-02-inti-raymi-1x1-001-150x150.png 150w, https:\/\/unityte.com\/wp-content\/uploads\/2024\/05\/agencia-de-viajes-lima-peru-unityte-03-paquetes-turisticos-02-inti-raymi-1x1-001-768x768.png 768w\" sizes=\"(max-width: 1200px) 100vw, 1200px\" \/>\t\t\t\t\t\t\t\t\t\t\t\t\t\t\t<\/div>\n\t\t\t\t<\/div>\n\t\t\t\t<div class=\"elementor-element elementor-element-a6aa659 elementor-widget elementor-widget-image-box\" data-id=\"a6aa659\" data-element_type=\"widget\" data-widget_type=\"image-box.default\">\n\t\t\t\t<div class=\"elementor-widget-container\">\n\t\t\t\t\t<div class=\"elementor-image-box-wrapper\"><div class=\"elementor-image-box-content\"><h3 class=\"elementor-image-box-title\">Historia<\/h3><p class=\"elementor-image-box-description\">Cada 24 de junio, d\u00eda en que el sol se encuentra en su punto m\u00e1s alejado de la tierra y que adem\u00e1s coincide con el solsticio de invierno, se celebra el Inti Raymi o \u201cfiesta del Sol\u201d en la explanada de Sacsayhuam\u00e1n.<br><br>Durante la \u00e9poca de los Incas, el Inti Raymi o fiesta del sol era el m\u00e1s importante de los cuatro festivales celebrados en la ciudad Cusco, seg\u00fan relata el Inca Garcilaso de la Vega. Indicaba el inicio del a\u00f1o, as\u00ed como el origen m\u00edtico del Inca. La fiesta del sol Ten\u00eda una duraci\u00f3n de nueve d\u00edas durante los cuales se realizaban bailes y sacrificios. El \u00faltimo Inti Raymi que se realiz\u00f3 con la presencia del emperador Inca se realiz\u00f3 en 1535.<\/p><\/div><\/div>\t\t\t\t<\/div>\n\t\t\t\t<\/div>\n\t\t\t\t<\/div>\n\t\t<div class=\"elementor-element elementor-element-7247b54 e-con-full e-flex e-con e-child\" data-id=\"7247b54\" data-element_type=\"container\">\n\t\t\t\t<div class=\"elementor-element elementor-element-ab57986 elementor-position-top elementor-widget elementor-widget-image-box\" data-id=\"ab57986\" data-element_type=\"widget\" data-widget_type=\"image-box.default\">\n\t\t\t\t<div class=\"elementor-widget-container\">\n\t\t\t\t\t<div class=\"elementor-image-box-wrapper\"><figure class=\"elementor-image-box-img\"><img decoding=\"async\" width=\"800\" height=\"400\" src=\"https:\/\/unityte.com\/wp-content\/uploads\/2024\/05\/agencia-de-viajes-lima-peru-unityte-03-paquetes-turisticos-02-inti-raymi-800x400-01.jpg\" class=\"attachment-full size-full wp-image-2198\" alt=\"\" srcset=\"https:\/\/unityte.com\/wp-content\/uploads\/2024\/05\/agencia-de-viajes-lima-peru-unityte-03-paquetes-turisticos-02-inti-raymi-800x400-01.jpg 800w, https:\/\/unityte.com\/wp-content\/uploads\/2024\/05\/agencia-de-viajes-lima-peru-unityte-03-paquetes-turisticos-02-inti-raymi-800x400-01-300x150.jpg 300w, https:\/\/unityte.com\/wp-content\/uploads\/2024\/05\/agencia-de-viajes-lima-peru-unityte-03-paquetes-turisticos-02-inti-raymi-800x400-01-768x384.jpg 768w\" sizes=\"(max-width: 800px) 100vw, 800px\" \/><\/figure><div class=\"elementor-image-box-content\"><p class=\"elementor-image-box-description\"><br>En la noche de la v\u00edspera se apagaban todos los fuegos en el Tahuantinsuyo. En la gran plaza Huacaypata (hoy Plaza de Armas del Cusco) se concentraban todos los personajes del imperio inca.<br><br>Entre las sombras, la multitud de personas esperaba con gran respeto la aparici\u00f3n del dios Inti (sol). Todos los Generales, pr\u00edncipes y toda la nobleza aguardaban en profundo silencio, muchos personas disfrazados de fieras y de otros animales de la mitolog\u00eda andina.<br><br>Al aparecer el dios sol expresaban su reconocimiento y lo adoraban como sumo, solo y universal dios, que con su luz y su virtud creaba y sustentaba todas las cosas de la tierra. Asimismo, le agradec\u00edan por las cosechas recibidas en el a\u00f1o.<br><br>El Inca, con la ayuda de los sacerdotes, \u201cinduc\u00eda\u201d al dios Inti (sol) a volver con el favor de sus rayos para fecundar la tierra y procurar el bienestar de los hijos del gran imperio del Tahuantinsuyo. El fuego sagrado era renovado con un brazalete c\u00f3ncavo de oro que se pon\u00eda contra la luz solar, cuyos reflejos se proyectaban sobre un trozo de algod\u00f3n muy carmenado que se incendiaba en breve espacio. La lumbre sagrada era llevada al Coricancha, donde ser\u00eda conservada por las acllas.<br><br>Durante la ceremonia tambi\u00e9n se realizaba el sacrificio de una llama para vaticinar el a\u00f1o venidero. Prosegu\u00eda luego una gran marcha militar y al final todos se retiraban y estallaban en algarab\u00eda desenfrenada durante varios d\u00edas.<\/p><\/div><\/div>\t\t\t\t<\/div>\n\t\t\t\t<\/div>\n\t\t\t\t<div class=\"elementor-element elementor-element-147cc3c elementor-widget elementor-widget-button\" data-id=\"147cc3c\" data-element_type=\"widget\" data-widget_type=\"button.default\">\n\t\t\t\t<div class=\"elementor-widget-container\">\n\t\t\t\t\t\t\t\t\t<div class=\"elementor-button-wrapper\">\n\t\t\t\t\t<a class=\"elementor-button elementor-button-link elementor-size-sm\" href=\"https:\/\/bit.ly\/unityte-reservar\">\n\t\t\t\t\t\t<span class=\"elementor-button-content-wrapper\">\n\t\t\t\t\t\t\t\t\t<span class=\"elementor-button-text\">RESERVAR<\/span>\n\t\t\t\t\t<\/span>\n\t\t\t\t\t<\/a>\n\t\t\t\t<\/div>\n\t\t\t\t\t\t\t\t<\/div>\n\t\t\t\t<\/div>\n\t\t\t\t<\/div>\n\t\t\t\t<\/div>\n\t\t\t\t<\/div>\n\t\t\t\t\t<\/div>\n\t\t\t\t<\/div>\n\t\t<div class=\"elementor-element elementor-element-60bacb1 e-flex e-con-boxed e-con e-parent\" data-id=\"60bacb1\" data-element_type=\"container\" data-settings=\"{&quot;background_background&quot;:&quot;classic&quot;}\">\n\t\t\t\t\t<div class=\"e-con-inner\">\n\t\t<div class=\"elementor-element elementor-element-2ac63b5 e-con-full e-flex e-con e-child\" data-id=\"2ac63b5\" data-element_type=\"container\">\n\t\t\t\t<div class=\"elementor-element elementor-element-26438ad elementor-widget elementor-widget-heading\" data-id=\"26438ad\" data-element_type=\"widget\" data-widget_type=\"heading.default\">\n\t\t\t\t<div class=\"elementor-widget-container\">\n\t\t\t\t\t<h2 class=\"elementor-heading-title elementor-size-default\">Descubre la Tierra de los Incas con Unityte<\/h2>\t\t\t\t<\/div>\n\t\t\t\t<\/div>\n\t\t\t\t<div class=\"elementor-element elementor-element-1179e43 elementor-widget elementor-widget-text-editor\" data-id=\"1179e43\" data-element_type=\"widget\" data-widget_type=\"text-editor.default\">\n\t\t\t\t<div class=\"elementor-widget-container\">\n\t\t\t\t\t\t\t\t\t<p>No esperes m\u00e1s, elige tu destino y vive una experiencia inolvidable. \u00a1Reserva tu paquete tur\u00edstico hoy y prep\u00e1rate para la aventura de tu vida! \u00a1Haz clic aqu\u00ed y comienza a viajar!<\/p>\t\t\t\t\t\t\t\t<\/div>\n\t\t\t\t<\/div>\n\t\t\t\t<div class=\"elementor-element elementor-element-bd4d9b1 elementor-widget elementor-widget-heading\" data-id=\"bd4d9b1\" data-element_type=\"widget\" data-widget_type=\"heading.default\">\n\t\t\t\t<div class=\"elementor-widget-container\">\n\t\t\t\t\t<p class=\"elementor-heading-title elementor-size-default\">\u00a1RESERVA TU AVENTURA AHORA!<\/p>\t\t\t\t<\/div>\n\t\t\t\t<\/div>\n\t\t\t\t<div class=\"elementor-element elementor-element-1194217 elementor-align-center elementor-icon-list--layout-traditional elementor-list-item-link-full_width elementor-widget elementor-widget-icon-list\" data-id=\"1194217\" data-element_type=\"widget\" data-widget_type=\"icon-list.default\">\n\t\t\t\t<div class=\"elementor-widget-container\">\n\t\t\t\t\t\t\t<ul class=\"elementor-icon-list-items\">\n\t\t\t\t\t\t\t<li class=\"elementor-icon-list-item\">\n\t\t\t\t\t\t\t\t\t\t\t<a href=\"https:\/\/bit.ly\/unityte-reservar\">\n\n\t\t\t\t\t\t\t\t\t\t\t\t<span class=\"elementor-icon-list-icon\">\n\t\t\t\t\t\t\t<svg aria-hidden=\"true\" class=\"e-font-icon-svg e-fas-phone-alt\" viewbox=\"0 0 512 512\" xmlns=\"http:\/\/www.w3.org\/2000\/svg\"><path d=\"M497.39 361.8l-112-48a24 24 0 0 0-28 6.9l-49.6 60.6A370.66 370.66 0 0 1 130.6 204.11l60.6-49.6a23.94 23.94 0 0 0 6.9-28l-48-112A24.16 24.16 0 0 0 122.6.61l-104 24A24 24 0 0 0 0 48c0 256.5 207.9 464 464 464a24 24 0 0 0 23.4-18.6l24-104a24.29 24.29 0 0 0-14.01-27.6z\"><\/path><\/svg>\t\t\t\t\t\t<\/span>\n\t\t\t\t\t\t\t\t\t\t<span class=\"elementor-icon-list-text\">+51 943 249 342<\/span>\n\t\t\t\t\t\t\t\t\t\t\t<\/a>\n\t\t\t\t\t\t\t\t\t<\/li>\n\t\t\t\t\t\t<\/ul>\n\t\t\t\t\t\t<\/div>\n\t\t\t\t<\/div>\n\t\t\t\t<\/div>\n\t\t\t\t\t<\/div>\n\t\t\t\t<\/div>\n\t\t\t\t<\/div>","protected":false},"excerpt":{"rendered":"<p>Inti Raymi \u00danete a la celebraci\u00f3n del Inti Raymi en Cusco del 22 al 25 de junio. Este festival ancestral rinde homenaje al dios Sol con una recreaci\u00f3n espectacular de rituales incaicos. Disfruta de coloridas danzas, trajes tradicionales y la rica historia de una civilizaci\u00f3n fascinante. \u00a1Una experiencia cultural que no puedes perderte! Inti Raymi [&hellip;]<\/p>","protected":false},"author":1,"featured_media":0,"parent":2060,"menu_order":2,"comment_status":"closed","ping_status":"closed","template":"","meta":{"site-sidebar-layout":"no-sidebar","site-content-layout":"page-builder","ast-site-content-layout":"full-width-container","site-content-style":"unboxed","site-sidebar-style":"unboxed","ast-global-header-display":"","ast-banner-title-visibility":"","ast-main-header-display":"","ast-hfb-above-header-display":"","ast-hfb-below-header-display":"","ast-hfb-mobile-header-display":"","site-post-title":"disabled","ast-breadcrumbs-content":"","ast-featured-img":"disabled","footer-sml-layout":"","ast-disable-related-posts":"","theme-transparent-header-meta":"enabled","adv-header-id-meta":"","stick-header-meta":"","header-above-stick-meta":"","header-main-stick-meta":"","header-below-stick-meta":"","astra-migrate-meta-layouts":"set","ast-page-background-enabled":"default","ast-page-background-meta":{"desktop":{"background-color":"","background-image":"","background-repeat":"repeat","background-position":"center center","background-size":"auto","background-attachment":"scroll","background-type":"","background-media":"","overlay-type":"","overlay-color":"","overlay-opacity":"","overlay-gradient":""},"tablet":{"background-color":"","background-image":"","background-repeat":"repeat","background-position":"center center","background-size":"auto","background-attachment":"scroll","background-type":"","background-media":"","overlay-type":"","overlay-color":"","overlay-opacity":"","overlay-gradient":""},"mobile":{"background-color":"","background-image":"","background-repeat":"repeat","background-position":"center center","background-size":"auto","background-attachment":"scroll","background-type":"","background-media":"","overlay-type":"","overlay-color":"","overlay-opacity":"","overlay-gradient":""}},"ast-content-background-meta":{"desktop":{"background-color":"var(--ast-global-color-4)","background-image":"","background-repeat":"repeat","background-position":"center center","background-size":"auto","background-attachment":"scroll","background-type":"","background-media":"","overlay-type":"","overlay-color":"","overlay-opacity":"","overlay-gradient":""},"tablet":{"background-color":"var(--ast-global-color-4)","background-image":"","background-repeat":"repeat","background-position":"center center","background-size":"auto","background-attachment":"scroll","background-type":"","background-media":"","overlay-type":"","overlay-color":"","overlay-opacity":"","overlay-gradient":""},"mobile":{"background-color":"var(--ast-global-color-4)","background-image":"","background-repeat":"repeat","background-position":"center center","background-size":"auto","background-attachment":"scroll","background-type":"","background-media":"","overlay-type":"","overlay-color":"","overlay-opacity":"","overlay-gradient":""}},"_joinchat":[],"footnotes":""},"class_list":["post-2185","page","type-page","status-publish","hentry"],"yoast_head":"<!-- This site is optimized with the Yoast SEO plugin v26.8 - https:\/\/yoast.com\/product\/yoast-seo-wordpress\/ -->\n<title>Inti Raymi -<\/title>\n<meta name=\"robots\" content=\"index, follow, max-snippet:-1, max-image-preview:large, max-video-preview:-1\" \/>\n<link rel=\"canonical\" href=\"https:\/\/unityte.com\/en\/paquetes-turisticos\/inti-raymi\/\" \/>\n<meta property=\"og:locale\" content=\"en_US\" \/>\n<meta property=\"og:type\" content=\"article\" \/>\n<meta property=\"og:title\" content=\"Inti Raymi -\" \/>\n<meta property=\"og:description\" content=\"Inti Raymi \u00danete a la celebraci\u00f3n del Inti Raymi en Cusco del 22 al 25 de junio. Este festival ancestral rinde homenaje al dios Sol con una recreaci\u00f3n espectacular de rituales incaicos. Disfruta de coloridas danzas, trajes tradicionales y la rica historia de una civilizaci\u00f3n fascinante. \u00a1Una experiencia cultural que no puedes perderte! Inti Raymi [&hellip;]\" \/>\n<meta property=\"og:url\" content=\"https:\/\/unityte.com\/en\/paquetes-turisticos\/inti-raymi\/\" \/>\n<meta property=\"article:modified_time\" content=\"2024-05-19T18:39:53+00:00\" \/>\n<meta property=\"og:image\" content=\"https:\/\/unityte.com\/wp-content\/uploads\/2024\/05\/agencia-de-viajes-lima-peru-unityte-03-paquetes-turisticos-03-inti-raymi-01.jpg\" \/>\n<meta name=\"twitter:card\" content=\"summary_large_image\" \/>\n<meta name=\"twitter:label1\" content=\"Est. reading time\" \/>\n\t<meta name=\"twitter:data1\" content=\"4 minutes\" \/>\n<script type=\"application\/ld+json\" class=\"yoast-schema-graph\">{\"@context\":\"https:\/\/schema.org\",\"@graph\":[{\"@type\":\"WebPage\",\"@id\":\"https:\/\/unityte.com\/paquetes-turisticos\/inti-raymi\/\",\"url\":\"https:\/\/unityte.com\/paquetes-turisticos\/inti-raymi\/\",\"name\":\"Inti Raymi -\",\"isPartOf\":{\"@id\":\"https:\/\/unityte.com\/#website\"},\"primaryImageOfPage\":{\"@id\":\"https:\/\/unityte.com\/paquetes-turisticos\/inti-raymi\/#primaryimage\"},\"image\":{\"@id\":\"https:\/\/unityte.com\/paquetes-turisticos\/inti-raymi\/#primaryimage\"},\"thumbnailUrl\":\"https:\/\/unityte.com\/wp-content\/uploads\/2024\/05\/agencia-de-viajes-lima-peru-unityte-03-paquetes-turisticos-03-inti-raymi-01.jpg\",\"datePublished\":\"2024-05-19T16:35:21+00:00\",\"dateModified\":\"2024-05-19T18:39:53+00:00\",\"breadcrumb\":{\"@id\":\"https:\/\/unityte.com\/paquetes-turisticos\/inti-raymi\/#breadcrumb\"},\"inLanguage\":\"en-US\",\"potentialAction\":[{\"@type\":\"ReadAction\",\"target\":[\"https:\/\/unityte.com\/paquetes-turisticos\/inti-raymi\/\"]}]},{\"@type\":\"ImageObject\",\"inLanguage\":\"en-US\",\"@id\":\"https:\/\/unityte.com\/paquetes-turisticos\/inti-raymi\/#primaryimage\",\"url\":\"https:\/\/unityte.com\/wp-content\/uploads\/2024\/05\/agencia-de-viajes-lima-peru-unityte-03-paquetes-turisticos-03-inti-raymi-01.jpg\",\"contentUrl\":\"https:\/\/unityte.com\/wp-content\/uploads\/2024\/05\/agencia-de-viajes-lima-peru-unityte-03-paquetes-turisticos-03-inti-raymi-01.jpg\"},{\"@type\":\"BreadcrumbList\",\"@id\":\"https:\/\/unityte.com\/paquetes-turisticos\/inti-raymi\/#breadcrumb\",\"itemListElement\":[{\"@type\":\"ListItem\",\"position\":1,\"name\":\"Portada\",\"item\":\"https:\/\/unityte.com\/\"},{\"@type\":\"ListItem\",\"position\":2,\"name\":\"Paquetes Tur\u00edsticos\",\"item\":\"https:\/\/unityte.com\/paquetes-turisticos\/\"},{\"@type\":\"ListItem\",\"position\":3,\"name\":\"Inti Raymi\"}]},{\"@type\":\"WebSite\",\"@id\":\"https:\/\/unityte.com\/#website\",\"url\":\"https:\/\/unityte.com\/\",\"name\":\"\",\"description\":\"\",\"potentialAction\":[{\"@type\":\"SearchAction\",\"target\":{\"@type\":\"EntryPoint\",\"urlTemplate\":\"https:\/\/unityte.com\/?s={search_term_string}\"},\"query-input\":{\"@type\":\"PropertyValueSpecification\",\"valueRequired\":true,\"valueName\":\"search_term_string\"}}],\"inLanguage\":\"en-US\"}]}<\/script>\n<!-- \/ Yoast SEO plugin. -->","yoast_head_json":{"title":"Inti Raymi -","robots":{"index":"index","follow":"follow","max-snippet":"max-snippet:-1","max-image-preview":"max-image-preview:large","max-video-preview":"max-video-preview:-1"},"canonical":"https:\/\/unityte.com\/en\/paquetes-turisticos\/inti-raymi\/","og_locale":"en_US","og_type":"article","og_title":"Inti Raymi -","og_description":"Inti Raymi \u00danete a la celebraci\u00f3n del Inti Raymi en Cusco del 22 al 25 de junio. Este festival ancestral rinde homenaje al dios Sol con una recreaci\u00f3n espectacular de rituales incaicos. Disfruta de coloridas danzas, trajes tradicionales y la rica historia de una civilizaci\u00f3n fascinante. \u00a1Una experiencia cultural que no puedes perderte! Inti Raymi [&hellip;]","og_url":"https:\/\/unityte.com\/en\/paquetes-turisticos\/inti-raymi\/","article_modified_time":"2024-05-19T18:39:53+00:00","og_image":[{"url":"https:\/\/unityte.com\/wp-content\/uploads\/2024\/05\/agencia-de-viajes-lima-peru-unityte-03-paquetes-turisticos-03-inti-raymi-01.jpg","type":"","width":"","height":""}],"twitter_card":"summary_large_image","twitter_misc":{"Est. reading time":"4 minutes"},"schema":{"@context":"https:\/\/schema.org","@graph":[{"@type":"WebPage","@id":"https:\/\/unityte.com\/paquetes-turisticos\/inti-raymi\/","url":"https:\/\/unityte.com\/paquetes-turisticos\/inti-raymi\/","name":"Inti Raymi -","isPartOf":{"@id":"https:\/\/unityte.com\/#website"},"primaryImageOfPage":{"@id":"https:\/\/unityte.com\/paquetes-turisticos\/inti-raymi\/#primaryimage"},"image":{"@id":"https:\/\/unityte.com\/paquetes-turisticos\/inti-raymi\/#primaryimage"},"thumbnailUrl":"https:\/\/unityte.com\/wp-content\/uploads\/2024\/05\/agencia-de-viajes-lima-peru-unityte-03-paquetes-turisticos-03-inti-raymi-01.jpg","datePublished":"2024-05-19T16:35:21+00:00","dateModified":"2024-05-19T18:39:53+00:00","breadcrumb":{"@id":"https:\/\/unityte.com\/paquetes-turisticos\/inti-raymi\/#breadcrumb"},"inLanguage":"en-US","potentialAction":[{"@type":"ReadAction","target":["https:\/\/unityte.com\/paquetes-turisticos\/inti-raymi\/"]}]},{"@type":"ImageObject","inLanguage":"en-US","@id":"https:\/\/unityte.com\/paquetes-turisticos\/inti-raymi\/#primaryimage","url":"https:\/\/unityte.com\/wp-content\/uploads\/2024\/05\/agencia-de-viajes-lima-peru-unityte-03-paquetes-turisticos-03-inti-raymi-01.jpg","contentUrl":"https:\/\/unityte.com\/wp-content\/uploads\/2024\/05\/agencia-de-viajes-lima-peru-unityte-03-paquetes-turisticos-03-inti-raymi-01.jpg"},{"@type":"BreadcrumbList","@id":"https:\/\/unityte.com\/paquetes-turisticos\/inti-raymi\/#breadcrumb","itemListElement":[{"@type":"ListItem","position":1,"name":"Portada","item":"https:\/\/unityte.com\/"},{"@type":"ListItem","position":2,"name":"Paquetes Tur\u00edsticos","item":"https:\/\/unityte.com\/paquetes-turisticos\/"},{"@type":"ListItem","position":3,"name":"Inti Raymi"}]},{"@type":"WebSite","@id":"https:\/\/unityte.com\/#website","url":"https:\/\/unityte.com\/","name":"","description":"","potentialAction":[{"@type":"SearchAction","target":{"@type":"EntryPoint","urlTemplate":"https:\/\/unityte.com\/?s={search_term_string}"},"query-input":{"@type":"PropertyValueSpecification","valueRequired":true,"valueName":"search_term_string"}}],"inLanguage":"en-US"}]}},"_links":{"self":[{"href":"https:\/\/unityte.com\/en\/wp-json\/wp\/v2\/pages\/2185","targetHints":{"allow":["GET"]}}],"collection":[{"href":"https:\/\/unityte.com\/en\/wp-json\/wp\/v2\/pages"}],"about":[{"href":"https:\/\/unityte.com\/en\/wp-json\/wp\/v2\/types\/page"}],"author":[{"embeddable":true,"href":"https:\/\/unityte.com\/en\/wp-json\/wp\/v2\/users\/1"}],"replies":[{"embeddable":true,"href":"https:\/\/unityte.com\/en\/wp-json\/wp\/v2\/comments?post=2185"}],"version-history":[{"count":10,"href":"https:\/\/unityte.com\/en\/wp-json\/wp\/v2\/pages\/2185\/revisions"}],"predecessor-version":[{"id":2211,"href":"https:\/\/unityte.com\/en\/wp-json\/wp\/v2\/pages\/2185\/revisions\/2211"}],"up":[{"embeddable":true,"href":"https:\/\/unityte.com\/en\/wp-json\/wp\/v2\/pages\/2060"}],"wp:attachment":[{"href":"https:\/\/unityte.com\/en\/wp-json\/wp\/v2\/media?parent=2185"}],"curies":[{"name":"wp","href":"https:\/\/api.w.org\/{rel}","templated":true}]}}